{"id":2783,"date":"2023-02-27T17:26:02","date_gmt":"2023-02-27T15:26:02","guid":{"rendered":"https:\/\/amarresbcn.com\/politica-de-privadesa\/"},"modified":"2025-09-29T11:41:20","modified_gmt":"2025-09-29T09:41:20","slug":"politica-de-privadesa","status":"publish","type":"page","link":"https:\/\/amarresbcn.com\/ca\/politica-de-privadesa\/","title":{"rendered":"Pol\u00edtica de privadesa"},"content":{"rendered":"<div class=\"wpb-content-wrapper\"><p>[vc_row css=&#8221;.vc_custom_1637844356839{margin-bottom: 33px !important;}&#8221;][vc_column][vc_column_text el_class=&#8221;justify&#8221;]La Llei org\u00e0nica 3\/2018, de 5 de desembre, de protecci\u00f3 de dades personals i garantia dels drets digitals \u00e9s una llei org\u00e0nica aprovada per les Corts Generals d&#8217;Espanya que t\u00e9 per objecte adaptar el dret intern espanyol al Reglament general de protecci\u00f3 de dades .<\/p>\n<p>Igualment, desitgem informar-vos que podreu exercir els drets d&#8217;acc\u00e9s, cancel\u00b7laci\u00f3, rectificaci\u00f3 o actualitzaci\u00f3 de les vostres dades a trav\u00e9s dels seg\u00fcents mitjans:<\/p>\n<p>Comunicaci\u00f3 escrita al responsable legal del fitxer: Amarres Barcelona, Muell Evaristo Fernandez, Edif. s\/n Planta 1, CP: 08039, Barcelona<\/p>\n<p>[\/vc_column_text][\/vc_column][\/vc_row][vc_row css=&#8221;.vc_custom_1637844356839{margin-bottom: 33px !important;}&#8221;][vc_column][vc_column_text el_class=&#8221;justify&#8221;]<\/p>\n<h3><strong>Cookies i Emmagatzematge d&#8217;IP<\/strong><\/h3>\n<p>S&#8217;informa igualment a l&#8217;usuari\/a que per motius de control de comandes, seguretat i prevenci\u00f3 del frau electr\u00f2nic, el nostre lloc web utilitza dispositius d&#8217;implantaci\u00f3 de cookies i emmagatzematge d&#8217;IP, podent exercir els drets de l&#8217;interessat\/da pels mitjans i llits indicats anteriorment.[\/vc_column_text][\/vc_column][\/vc_row][vc_row css=&#8221;.vc_custom_1637844356839{margin-bottom: 33px !important;}&#8221;][vc_column][vc_column_text el_class=&#8221;justify&#8221;]<\/p>\n<h3><strong>Propietat Intel\u00b7lectual.<\/strong><\/h3>\n<p>D&#8217;acord amb les lleis que regeixen la propietat de drets intel\u00b7lectuals o altres drets similars, aquest lloc web i tots els seus elements, marques, dissenys, models, logotips, gr\u00e0fics, etc. que s&#8217;hi trobin inclosa la seva recopilaci\u00f3, s\u00f3n propietat exclusiva de cadascun dels seus propietaris legals.<\/p>\n<p>Les marques esmentades en aquesta web pertanyen als seus respectius propietaris, per a m\u00e9s informaci\u00f3 us convidem a visitar la web official de cadascuna.<\/p>\n<p>Nom\u00e9s s&#8217;autoritza la reproducci\u00f3 o la utilitzaci\u00f3 d&#8217;una part o de la totalitat d&#8217;aquests elements amb una finalitat exclusivament informativa per a un \u00fas personal i privat, qualsevol reproducci\u00f3 i utilitzaci\u00f3 de c\u00f2pies realitzades amb altres fins queden expressament prohibits. Qualsevol altra utilitzaci\u00f3 constitueix un delicte de c\u00f2pia fraudulenta i \u00e9s sancionable segons la propietat intel\u00b7lectual, excepte autoritzaci\u00f3 pr\u00e8via i escrita d&#8217;Amarres Barcelona, l&#8217;empresa realitzadora de les fotografies i els propietaris de les marques.<\/p>\n<p>[\/vc_column_text][\/vc_column][\/vc_row][vc_row css=&#8221;.vc_custom_1637844356839{margin-bottom: 33px !important;}&#8221;][vc_column][vc_column_text el_class=&#8221;justify&#8221;]<\/p>\n<h3><strong>Llei aplicable i jurisdicci\u00f3 competent.<\/strong><\/h3>\n<p>Les vendes dels productes de la societat Amarres Barcelona estan subjectes a la llei espanyola. Qualsevol litigi relatiu a la interpretaci\u00f3, execuci\u00f3 o resoluci\u00f3 del contracte realitzat entre Amarres Barcelona i el comprador, fins i tot en cas de pluralitat dels demandats, ser\u00e0, mancant acord amist\u00f3s, compet\u00e8ncia exclusiva dels Tribunals de la ciutat de Barcelona.<\/p>\n<p>[\/vc_column_text][\/vc_column][\/vc_row][vc_row css=&#8221;.vc_custom_1637844356839{margin-bottom: 33px !important;}&#8221;][vc_column][vc_column_text el_class=&#8221;justify&#8221;]<\/p>\n<h3><strong>Protecci\u00f3 de dades de car\u00e0cter personal i privadesa.<\/strong><\/h3>\n<p>Us informem que en virtut de l&#8217;Art 5 de la Llei Org\u00e0nica de Protecci\u00f3 de Dades, les dades de car\u00e0cter personal introdu\u00efdes en els diferents formularis de la web, passaran a formar part d&#8217;un fitxer automatitzat el responsable del qual \u00e9s Amarres Barcelona amb la finalitat de gestionar-ne els relacions comercials i contractuals amb els usuaris i compradors, aix\u00ed com l&#8217;enviament de promocions.<br \/>\n[\/vc_column_text][\/vc_column][\/vc_row]<\/p>\n<\/div>","protected":false},"excerpt":{"rendered":"<p>Pol\u00edtica de privadesa. Llei org\u00e0nica 3\/2018 de protecci\u00f3 de dades personals i drets digitals. Aprovada per les Corts Generals d&#8217;Espanya.<\/p>\n","protected":false},"author":1,"featured_media":0,"parent":0,"menu_order":0,"comment_status":"closed","ping_status":"open","template":"","meta":{"inline_featured_image":false,"footnotes":""},"class_list":["post-2783","page","type-page","status-publish","hentry","description-off"],"_links":{"self":[{"href":"https:\/\/amarresbcn.com\/ca\/wp-json\/wp\/v2\/pages\/2783","targetHints":{"allow":["GET"]}}],"collection":[{"href":"https:\/\/amarresbcn.com\/ca\/wp-json\/wp\/v2\/pages"}],"about":[{"href":"https:\/\/amarresbcn.com\/ca\/wp-json\/wp\/v2\/types\/page"}],"author":[{"embeddable":true,"href":"https:\/\/amarresbcn.com\/ca\/wp-json\/wp\/v2\/users\/1"}],"replies":[{"embeddable":true,"href":"https:\/\/amarresbcn.com\/ca\/wp-json\/wp\/v2\/comments?post=2783"}],"version-history":[{"count":1,"href":"https:\/\/amarresbcn.com\/ca\/wp-json\/wp\/v2\/pages\/2783\/revisions"}],"predecessor-version":[{"id":3315,"href":"https:\/\/amarresbcn.com\/ca\/wp-json\/wp\/v2\/pages\/2783\/revisions\/3315"}],"wp:attachment":[{"href":"https:\/\/amarresbcn.com\/ca\/wp-json\/wp\/v2\/media?parent=2783"}],"curies":[{"name":"wp","href":"https:\/\/api.w.org\/{rel}","templated":true}]}}